{"version":"1.0","provider_name":"Baeza SARL, Paysagiste et P\u00e9pini\u00e8re","provider_url":"https:\/\/www.baezasarl-paysagiste-pepiniere.fr\/site","author_name":"bpp_ewadmin","author_url":"https:\/\/www.baezasarl-paysagiste-pepiniere.fr\/site\/author\/bpp34725\/","title":"Violas (Pens\u00e9es, Violettes des Jardins) - Baeza SARL, Paysagiste et P\u00e9pini\u00e8re","type":"rich","width":600,"height":338,"html":"<blockquote class=\"wp-embedded-content\" data-secret=\"C1cptW7Jla\"><a href=\"https:\/\/www.baezasarl-paysagiste-pepiniere.fr\/site\/art-vegetaux-de-saisons-violas\/\">Violas (Pens\u00e9es, Violettes des Jardins)<\/a><\/blockquote><iframe sandbox=\"allow-scripts\" security=\"restricted\" src=\"https:\/\/www.baezasarl-paysagiste-pepiniere.fr\/site\/art-vegetaux-de-saisons-violas\/embed\/#?secret=C1cptW7Jla\" width=\"600\" height=\"338\" title=\"\u00ab\u00a0Violas (Pens\u00e9es, Violettes des Jardins)\u00a0\u00bb &#8212; Baeza SARL, Paysagiste et P\u00e9pini\u00e8re\" data-secret=\"C1cptW7Jla\" frameborder=\"0\" marginwidth=\"0\" marginheight=\"0\" scrolling=\"no\" class=\"wp-embedded-content\"><\/iframe><script type=\"text\/javascript\">\n\/*! This file is auto-generated *\/\n!function(d,l){\"use strict\";var e=!1,o=!1;if(l.querySelector)if(d.addEventListener)e=!0;if(d.wp=d.wp||{},!d.wp.receiveEmbedMessage)if(d.wp.receiveEmbedMessage=function(e){var t=e.data;if(t)if(t.secret||t.message||t.value)if(!\/[^a-zA-Z0-9]\/.test(t.secret)){for(var r,a,i,s=l.querySelectorAll('iframe[data-secret=\"'+t.secret+'\"]'),n=l.querySelectorAll('blockquote[data-secret=\"'+t.secret+'\"]'),o=new RegExp(\"^https?:$\",\"i\"),c=0;c<n.length;c++)n[c].style.display=\"none\";for(c=0;c<s.length;c++)if(r=s[c],e.source===r.contentWindow){if(r.removeAttribute(\"style\"),\"height\"===t.message){if(1e3<(i=parseInt(t.value,10)))i=1e3;else if(~~i<200)i=200;r.height=i}if(\"link\"===t.message)if(a=l.createElement(\"a\"),i=l.createElement(\"a\"),a.href=r.getAttribute(\"src\"),i.href=t.value,o.test(i.protocol))if(i.host===a.host)if(l.activeElement===r)d.top.location.href=t.value}}},e)d.addEventListener(\"message\",d.wp.receiveEmbedMessage,!1),l.addEventListener(\"DOMContentLoaded\",t,!1),d.addEventListener(\"load\",t,!1);function t(){if(!o){o=!0;for(var e,t,r,a=-1!==navigator.appVersion.indexOf(\"MSIE 10\"),i=!!navigator.userAgent.match(\/Trident.*rv:11\\.\/),s=l.querySelectorAll(\"iframe.wp-embedded-content\"),n=0;n<s.length;n++){if(!(r=(t=s[n]).getAttribute(\"data-secret\")))r=Math.random().toString(36).substr(2,10),t.src+=\"#?secret=\"+r,t.setAttribute(\"data-secret\",r);if(a||i)(e=t.cloneNode(!0)).removeAttribute(\"security\"),t.parentNode.replaceChild(e,t);t.contentWindow.postMessage({message:\"ready\",secret:r},\"*\")}}}}(window,document);\n<\/script>\n","thumbnail_url":"https:\/\/www.baezasarl-paysagiste-pepiniere.fr\/site\/wp-content\/uploads\/BaezaSarl_Pepiniere_LesViolas.jpg","thumbnail_width":1024,"thumbnail_height":768,"description":"Les Pens\u00e9es (Violas) \u00e9galement appel\u00e9es Violettes des Jardins, sont des plantes herbac\u00e9es bisannuelles qui portent des fleurs, plus ou moins grandes, aux couleurs tr\u00e8s vari\u00e9es. Elles se distinguent autant par leurs couleurs, leur charme d\u00e9licieusement r\u00e9tro que par leur expressivit\u00e9."}